{"id":5403,"date":"2020-09-07T10:44:12","date_gmt":"2020-09-07T08:44:12","guid":{"rendered":"https:\/\/www.perfectvanwamel.com\/agenda\/"},"modified":"2026-02-10T10:14:10","modified_gmt":"2026-02-10T09:14:10","slug":"agenda","status":"publish","type":"page","link":"https:\/\/www.perfectvanwamel.com\/de\/agenda\/","title":{"rendered":"Agenda"},"content":{"rendered":"<section class=\"l-section wpb_row us_custom_d984a24d height_small\"><div class=\"l-section-h i-cf\"><div class=\"g-cols vc_row type_default valign_top\"><div class=\"vc_col-sm-12 wpb_column vc_column_container\"><div class=\"vc_column-inner\"><div class=\"wpb_wrapper\"><h1 class=\"w-post-elm post_title us_custom_b8b30b8a entry-title\" itemprop=\"headline\">Agenda<\/h1><div class=\"w-separator size_small\"><\/div><\/div><\/div><\/div><\/div><\/div><\/section><section class=\"l-section wpb_row height_small\"><div class=\"l-section-h i-cf\"><div class=\"g-cols vc_row type_default valign_top\"><div class=\"vc_col-sm-12 wpb_column vc_column_container\"><div class=\"vc_column-inner\"><div class=\"wpb_wrapper\">[vc_custom_heading text=&#8221;Teilnahme an Messen&#8221; use_theme_fonts=&#8221;yes&#8221;]<div class=\"wpb_text_column\" ><div class=\"wpb_wrapper\"><p>PERFECT\u00a0\u2013 Van Wamel nimmt regelm\u00e4\u00dfig an Fachmessen im In- und Ausland teil. M\u00f6chten Sie unseren Stand oder den eines PERFECT H\u00e4ndlers besuchen? Unten finden Sie eine \u00dcbersicht \u00fcber die Messen, an denen wir oder unsere H\u00e4ndler in K\u00fcrze teilnehmen werden.<\/p>\n<h3>Treffen Sie unser PERFECT &#8211; Van Wamel-Verkaufsteam auf den folgenden Fachmessen<\/h3>\n<\/div><\/div>\n\t\t<div><div class=\"w-grid type_grid layout_10486\" id=\"us_grid_1\"><style id=\"us_grid_1_css\">#us_grid_1 .w-grid-item:not(:last-child){margin-bottom:1.5rem}#us_grid_1 .g-loadmore{margin-top:1.5rem}<\/style><style>.layout_10486 .w-grid-item-h{}@media(max-width:479px){.layout_10486 .usg_post_image_1{display:none!important}}.layout_10486 .usg_hwrapper_1{color:#333!important;background:#f5f5f5!important;margin-left:10%!important;padding-top:6%!important;padding-bottom:6%!important}.layout_10486 .usg_post_image_1{width:50%!important;margin-left:-11%!important;margin-right:0!important}.layout_10486 .usg_vwrapper_1{width:48%!important;margin-left:7%!important}.layout_10486 .usg_post_title_1{font-weight:700!important;line-height:1.2!important}.layout_10486 .usg_post_content_1{font-size:0.9rem!important}.layout_10486 .usg_post_custom_field_1{font-size:0.9rem!important}@media (max-width:599px){.layout_10486 .usg_hwrapper_1{margin-left:0!important;margin-right:0!important;padding-top:0!important;padding-bottom:0!important}.layout_10486 .usg_post_image_1{width:100%!important;margin-left:0!important}.layout_10486 .usg_vwrapper_1{width:86%!important;margin:5% 7% 7% 7%!important}}<\/style><div class=\"w-grid-list\"><article class=\"w-grid-item size_1x1 post-28789 post type-post status-publish format-standard has-post-thumbnail hentry category-messe\" data-id=\"28789\">\r\n\t<div class=\"w-grid-item-h\">\r\n\t\t\t\t<div class=\"w-hwrapper usg_hwrapper_1 align_left valign_center wrap \"><div class=\"w-post-elm post_image usg_post_image_1 stretched has_width\"><a href=\"https:\/\/www.perfectvanwamel.com\/de\/messe\/de-perendag-2026\/\" aria-label=\"D\u00e9 Perendag 2026\"><img decoding=\"async\" width=\"1024\" height=\"576\" src=\"https:\/\/www.perfectvanwamel.com\/wp-content\/uploads\/2026\/02\/De-Perendag-1024x576.jpg\" class=\"attachment-large size-large wp-post-image\" alt=\"\" srcset=\"https:\/\/www.perfectvanwamel.com\/wp-content\/uploads\/2026\/02\/De-Perendag-1024x576.jpg 1024w, https:\/\/www.perfectvanwamel.com\/wp-content\/uploads\/2026\/02\/De-Perendag-300x169.jpg 300w, https:\/\/www.perfectvanwamel.com\/wp-content\/uploads\/2026\/02\/De-Perendag-600x338.jpg 600w, https:\/\/www.perfectvanwamel.com\/wp-content\/uploads\/2026\/02\/De-Perendag.jpg 1920w\" sizes=\"(max-width: 1024px) 100vw, 1024px\" \/><\/a><\/div><div class=\"w-vwrapper usg_vwrapper_1 align_left valign_top \"><div class=\"w-post-elm post_custom_field usg_post_custom_field_1 type_text\">25-06-2026<\/div><h2 class=\"w-post-elm post_title usg_post_title_1 entry-title color_link_inherit\"><a href=\"https:\/\/www.perfectvanwamel.com\/de\/messe\/de-perendag-2026\/\">D\u00e9 Perendag 2026<\/a><\/h2><div class=\"w-post-elm post_content usg_post_content_1\" >Am Donnerstag, dem 25. Juni, findet &#8216;D\u00e9 Perendag&#8216;\u00a0beim Obstbetrieb van Rossum in Stavenisse statt. Das Verkaufsteam von PERFECT Van Wamel wird vor Ort sein, um unter anderem unsere Innovationen und&hellip;<\/div><\/div><\/div>\t<\/div>\r\n<\/article>\r\n<article class=\"w-grid-item size_1x1 post-28796 post type-post status-publish format-standard has-post-thumbnail hentry category-messe\" data-id=\"28796\">\r\n\t<div class=\"w-grid-item-h\">\r\n\t\t\t\t<div class=\"w-hwrapper usg_hwrapper_1 align_left valign_center wrap \"><div class=\"w-post-elm post_image usg_post_image_1 stretched has_width\"><a href=\"https:\/\/www.perfectvanwamel.com\/de\/messe\/agrotechniek-holland-2\/\" aria-label=\"AgroTechniek Holland 2026\"><img decoding=\"async\" width=\"1024\" height=\"576\" src=\"https:\/\/www.perfectvanwamel.com\/wp-content\/uploads\/2026\/02\/AgroTechniek-1024x576.jpg\" class=\"attachment-large size-large wp-post-image\" alt=\"\" srcset=\"https:\/\/www.perfectvanwamel.com\/wp-content\/uploads\/2026\/02\/AgroTechniek-1024x576.jpg 1024w, https:\/\/www.perfectvanwamel.com\/wp-content\/uploads\/2026\/02\/AgroTechniek-300x169.jpg 300w, https:\/\/www.perfectvanwamel.com\/wp-content\/uploads\/2026\/02\/AgroTechniek-600x338.jpg 600w, https:\/\/www.perfectvanwamel.com\/wp-content\/uploads\/2026\/02\/AgroTechniek.jpg 1920w\" sizes=\"(max-width: 1024px) 100vw, 1024px\" \/><\/a><\/div><div class=\"w-vwrapper usg_vwrapper_1 align_left valign_top \"><div class=\"w-post-elm post_custom_field usg_post_custom_field_1 type_text\">16-09-2026<\/div><h2 class=\"w-post-elm post_title usg_post_title_1 entry-title color_link_inherit\"><a href=\"https:\/\/www.perfectvanwamel.com\/de\/messe\/agrotechniek-holland-2\/\">AgroTechniek Holland 2026<\/a><\/h2><div class=\"w-post-elm post_content usg_post_content_1\" >Vom 16. bis 19. September finden Sie PERFECT \u2013 Van Wamel auf der f\u00fchrenden Landwirtschaftsmesse der Niederlande: AgroTechniek Holland. Unser Vertriebsteam steht Ihnen zur Verf\u00fcgung, um alle Ihre Fragen zu&hellip;<\/div><\/div><\/div>\t<\/div>\r\n<\/article>\r\n<article class=\"w-grid-item size_1x1 post-28238 post type-post status-publish format-standard has-post-thumbnail hentry category-messe\" data-id=\"28238\">\r\n\t<div class=\"w-grid-item-h\">\r\n\t\t\t\t<div class=\"w-hwrapper usg_hwrapper_1 align_left valign_center wrap \"><div class=\"w-post-elm post_image usg_post_image_1 stretched has_width\"><a href=\"https:\/\/www.perfectvanwamel.com\/de\/messe\/interpoma-2026\/\" aria-label=\"Interpoma 2026\"><img decoding=\"async\" width=\"1024\" height=\"576\" src=\"https:\/\/www.perfectvanwamel.com\/wp-content\/uploads\/2026\/02\/Interpoma-1024x576.jpg\" class=\"attachment-large size-large wp-post-image\" alt=\"\" srcset=\"https:\/\/www.perfectvanwamel.com\/wp-content\/uploads\/2026\/02\/Interpoma-1024x576.jpg 1024w, https:\/\/www.perfectvanwamel.com\/wp-content\/uploads\/2026\/02\/Interpoma-300x169.jpg 300w, https:\/\/www.perfectvanwamel.com\/wp-content\/uploads\/2026\/02\/Interpoma-600x338.jpg 600w, https:\/\/www.perfectvanwamel.com\/wp-content\/uploads\/2026\/02\/Interpoma.jpg 1920w\" sizes=\"(max-width: 1024px) 100vw, 1024px\" \/><\/a><\/div><div class=\"w-vwrapper usg_vwrapper_1 align_left valign_top \"><div class=\"w-post-elm post_custom_field usg_post_custom_field_1 type_text\">25-11-2026<\/div><h2 class=\"w-post-elm post_title usg_post_title_1 entry-title color_link_inherit\"><a href=\"https:\/\/www.perfectvanwamel.com\/de\/messe\/interpoma-2026\/\">Interpoma 2026<\/a><\/h2><div class=\"w-post-elm post_content usg_post_content_1\" >Vom 25. bis 27. November ist PERFECT &#8211; Van Wamel auf der Interpoma in Bozen vertreten. Unser Vertriebsteam steht bereit, um alle Ihre Fragen zu beantworten und gemeinsam mit Ihnen&hellip;<\/div><\/div><\/div>\t<\/div>\r\n<\/article>\r\n<\/div>\t<div class=\"w-grid-json hidden\" onclick='return {&quot;ajax_url&quot;:&quot;https:\\\/\\\/www.perfectvanwamel.com\\\/wp-admin\\\/admin-ajax.php&quot;,&quot;permalink_url&quot;:&quot;https:\\\/\\\/www.perfectvanwamel.com\\\/de\\\/messe\\\/interpoma-2026\\\/&quot;,&quot;action&quot;:&quot;us_ajax_grid&quot;,&quot;max_num_pages&quot;:1,&quot;infinite_scroll&quot;:0,&quot;template_vars&quot;:{&quot;query_args&quot;:{&quot;ignore_sticky_posts&quot;:1,&quot;post_type&quot;:&quot;any&quot;,&quot;post__in&quot;:[&quot;28789&quot;,&quot;28796&quot;,&quot;28238&quot;],&quot;orderby&quot;:{&quot;post__in&quot;:&quot;ASC&quot;},&quot;posts_per_page&quot;:&quot;10&quot;},&quot;post_id&quot;:5403,&quot;us_grid_index&quot;:1,&quot;us_grid_ajax_index&quot;:1,&quot;exclude_items&quot;:&quot;none&quot;,&quot;items_offset&quot;:&quot;1&quot;,&quot;items_layout&quot;:&quot;10486&quot;,&quot;type&quot;:&quot;grid&quot;,&quot;columns&quot;:&quot;1&quot;,&quot;img_size&quot;:&quot;default&quot;,&quot;overriding_link&quot;:&quot;none&quot;,&quot;lang&quot;:&quot;de&quot;}}'><\/div>\r\n<\/div><\/div>\n\n\t\t<\/div><\/div><\/div><\/div><\/div><\/section><section class=\"l-section wpb_row height_small\"><div class=\"l-section-h i-cf\"><div class=\"g-cols vc_row type_default valign_top\"><div class=\"vc_col-sm-12 wpb_column vc_column_container\"><div class=\"vc_column-inner\"><div class=\"wpb_wrapper\">[vc_custom_heading text=&#8221;\u00dcbersicht \u00fcber bereits stattgefundene Messen&#8221; use_theme_fonts=&#8221;yes&#8221;]<div class=\"wpb_text_column\" ><div class=\"wpb_wrapper\"><p><span class=\"--l --r hover:bg-blue-100 hover:dark:bg-blue-600\"><span class=\"container-target\">Nachfolgend<\/span><\/span> <span class=\"--l --r hover:bg-blue-100 hover:dark:bg-blue-600\"><span class=\"container-target\">finden<\/span><\/span> <span class=\"--l --r hover:bg-blue-100 hover:dark:bg-blue-600\"><span class=\"container-target\">Sie<\/span><\/span> <span class=\"--l --r hover:bg-blue-100 hover:dark:bg-blue-600\"><span class=\"container-target\">eine<\/span><\/span> <span class=\"--l --r hover:bg-blue-100 hover:dark:bg-blue-600\"><span class=\"container-target\">\u00dcbersicht<\/span><\/span> <span class=\"--l --r hover:bg-blue-100 hover:dark:bg-blue-600\"><span class=\"container-target\">\u00fcber<\/span><\/span> <span class=\"--l --r hover:bg-blue-100 hover:dark:bg-blue-600\"><span class=\"container-target\">die<\/span><\/span> <span class=\"--l --r hover:bg-blue-100 hover:dark:bg-blue-600\"><span class=\"container-target\">bereits<\/span><\/span> <span class=\"--l --r hover:bg-blue-100 hover:dark:bg-blue-600\"><span class=\"container-target\">stattgefundenen<\/span><\/span> <span class=\"--l --r hover:bg-blue-100 hover:dark:bg-blue-600\"><span class=\"container-target\">Messen<\/span><\/span><span class=\"--r container-target\">.<\/span><\/p>\n<\/div><\/div>\n\t\t<div><div class=\"w-grid type_grid layout_10486\" id=\"us_grid_2\"><style id=\"us_grid_2_css\">#us_grid_2 .w-grid-item:not(:last-child){margin-bottom:1.5rem}#us_grid_2 .g-loadmore{margin-top:1.5rem}<\/style><div class=\"w-grid-list\"><article class=\"w-grid-item size_1x1 post-28234 post type-post status-publish format-standard has-post-thumbnail hentry category-messe\" data-id=\"28234\">\r\n\t<div class=\"w-grid-item-h\">\r\n\t\t\t\t<div class=\"w-hwrapper usg_hwrapper_1 align_left valign_center wrap \"><div class=\"w-post-elm post_image usg_post_image_1 stretched has_width\"><a href=\"https:\/\/www.perfectvanwamel.com\/de\/messe\/fruchtwelt-friedrichshafen-2026\/\" aria-label=\"Fruchtwelt Bodensee 2026\"><img decoding=\"async\" width=\"1024\" height=\"576\" src=\"https:\/\/www.perfectvanwamel.com\/wp-content\/uploads\/2026\/02\/Fruchtwelt-Bodensee-1024x576.jpg\" class=\"attachment-large size-large wp-post-image\" alt=\"\" srcset=\"https:\/\/www.perfectvanwamel.com\/wp-content\/uploads\/2026\/02\/Fruchtwelt-Bodensee-1024x576.jpg 1024w, https:\/\/www.perfectvanwamel.com\/wp-content\/uploads\/2026\/02\/Fruchtwelt-Bodensee-300x169.jpg 300w, https:\/\/www.perfectvanwamel.com\/wp-content\/uploads\/2026\/02\/Fruchtwelt-Bodensee-600x338.jpg 600w, https:\/\/www.perfectvanwamel.com\/wp-content\/uploads\/2026\/02\/Fruchtwelt-Bodensee.jpg 1920w\" sizes=\"(max-width: 1024px) 100vw, 1024px\" \/><\/a><\/div><div class=\"w-vwrapper usg_vwrapper_1 align_left valign_top \"><div class=\"w-post-elm post_custom_field usg_post_custom_field_1 type_text\">20-02-2026<\/div><h2 class=\"w-post-elm post_title usg_post_title_1 entry-title color_link_inherit\"><a href=\"https:\/\/www.perfectvanwamel.com\/de\/messe\/fruchtwelt-friedrichshafen-2026\/\">Fruchtwelt Bodensee 2026<\/a><\/h2><div class=\"w-post-elm post_content usg_post_content_1\" >Vom 20. bis 22. Februar ist PERFECT &#8211; Van Wamel auf der Fruchtwelt Bodensee in Friedrichshafen vertreten. Auf dieser internationalen Fachmesse pr\u00e4sentieren wir Ihnen gerne unsere neuesten Entwicklungen und informieren&hellip;<\/div><\/div><\/div>\t<\/div>\r\n<\/article>\r\n<article class=\"w-grid-item size_1x1 post-14209 post type-post status-publish format-standard has-post-thumbnail hentry category-messe\" data-id=\"14209\">\r\n\t<div class=\"w-grid-item-h\">\r\n\t\t\t\t<div class=\"w-hwrapper usg_hwrapper_1 align_left valign_center wrap \"><div class=\"w-post-elm post_image usg_post_image_1 stretched has_width\"><a href=\"https:\/\/www.perfectvanwamel.com\/de\/messe\/worlds-leading-trade-fair-agritechnica-2025\/\" aria-label=\"World&#8217;s leading trade fair AgriTechnica 2025\"><img decoding=\"async\" width=\"1010\" height=\"480\" src=\"https:\/\/www.perfectvanwamel.com\/wp-content\/uploads\/2024\/09\/Agritechnica-banner2-2025.png\" class=\"attachment-large size-large wp-post-image\" alt=\"\" srcset=\"https:\/\/www.perfectvanwamel.com\/wp-content\/uploads\/2024\/09\/Agritechnica-banner2-2025.png 1010w, https:\/\/www.perfectvanwamel.com\/wp-content\/uploads\/2024\/09\/Agritechnica-banner2-2025-300x143.png 300w, https:\/\/www.perfectvanwamel.com\/wp-content\/uploads\/2024\/09\/Agritechnica-banner2-2025-600x285.png 600w\" sizes=\"(max-width: 1010px) 100vw, 1010px\" \/><\/a><\/div><div class=\"w-vwrapper usg_vwrapper_1 align_left valign_top \"><div class=\"w-post-elm post_custom_field usg_post_custom_field_1 type_text\">09-11-2025<\/div><h2 class=\"w-post-elm post_title usg_post_title_1 entry-title color_link_inherit\"><a href=\"https:\/\/www.perfectvanwamel.com\/de\/messe\/worlds-leading-trade-fair-agritechnica-2025\/\">World&#8217;s leading trade fair AgriTechnica 2025<\/a><\/h2><div class=\"w-post-elm post_content usg_post_content_1\" >Perfect van Wamel wird wieder an der Agritechnica trade fair 2025 teilnehmen. Diese Messe findet vom 9. bis 15. November 2025 auf dem Messegel\u00e4nde in Hannover statt, Deutschland. F\u00fcr weitere&hellip;<\/div><\/div><\/div>\t<\/div>\r\n<\/article>\r\n<article class=\"w-grid-item size_1x1 post-14230 post type-post status-publish format-standard has-post-thumbnail hentry category-messe\" data-id=\"14230\">\r\n\t<div class=\"w-grid-item-h\">\r\n\t\t\t\t<div class=\"w-hwrapper usg_hwrapper_1 align_left valign_center wrap \"><div class=\"w-post-elm post_image usg_post_image_1 stretched has_width\"><a href=\"https:\/\/www.perfectvanwamel.com\/de\/messe\/norddeutsche-obstbautage-2025\/\" aria-label=\"Norddeutsche Obstbautage 2025\"><img decoding=\"async\" width=\"1024\" height=\"576\" src=\"https:\/\/www.perfectvanwamel.com\/wp-content\/uploads\/2024\/09\/NOT2024_afb-1024x576.png\" class=\"attachment-large size-large wp-post-image\" alt=\"\" srcset=\"https:\/\/www.perfectvanwamel.com\/wp-content\/uploads\/2024\/09\/NOT2024_afb-1024x576.png 1024w, https:\/\/www.perfectvanwamel.com\/wp-content\/uploads\/2024\/09\/NOT2024_afb-300x169.png 300w, https:\/\/www.perfectvanwamel.com\/wp-content\/uploads\/2024\/09\/NOT2024_afb-600x338.png 600w\" sizes=\"(max-width: 1024px) 100vw, 1024px\" \/><\/a><\/div><div class=\"w-vwrapper usg_vwrapper_1 align_left valign_top \"><div class=\"w-post-elm post_custom_field usg_post_custom_field_1 type_text\">11-02-2025<\/div><h2 class=\"w-post-elm post_title usg_post_title_1 entry-title color_link_inherit\"><a href=\"https:\/\/www.perfectvanwamel.com\/de\/messe\/norddeutsche-obstbautage-2025\/\">Norddeutsche Obstbautage 2025<\/a><\/h2><div class=\"w-post-elm post_content usg_post_content_1\" >Perfect van Wamel wird wieder teilnehmen an der Norddeutsche Obstbautage 2025. Dieser messe wird findet in Elbe-Obstlager, Westerjork, Duitsland statt vom 11 -13 februari 2025.\u00a0 Contact sales@vanwamel.nl voor meer informatie.&hellip;<\/div><\/div><\/div>\t<\/div>\r\n<\/article>\r\n<article class=\"w-grid-item size_1x1 post-12089 post type-post status-publish format-standard has-post-thumbnail hentry category-messe\" data-id=\"12089\">\r\n\t<div class=\"w-grid-item-h\">\r\n\t\t\t\t<div class=\"w-hwrapper usg_hwrapper_1 align_left valign_center wrap \"><div class=\"w-post-elm post_image usg_post_image_1 stretched has_width\"><a href=\"https:\/\/www.perfectvanwamel.com\/de\/messe\/fruitlogistica-2025-save-the-date\/\" aria-label=\"Fruitlogistica 2025: Save the Date\"><img decoding=\"async\" width=\"1024\" height=\"356\" src=\"https:\/\/www.perfectvanwamel.com\/wp-content\/uploads\/2024\/06\/Logo-Fruitlogistica-2025-met-PERFECT-1024x356.png\" class=\"attachment-large size-large wp-post-image\" alt=\"\" srcset=\"https:\/\/www.perfectvanwamel.com\/wp-content\/uploads\/2024\/06\/Logo-Fruitlogistica-2025-met-PERFECT-1024x356.png 1024w, https:\/\/www.perfectvanwamel.com\/wp-content\/uploads\/2024\/06\/Logo-Fruitlogistica-2025-met-PERFECT-300x104.png 300w, https:\/\/www.perfectvanwamel.com\/wp-content\/uploads\/2024\/06\/Logo-Fruitlogistica-2025-met-PERFECT-600x208.png 600w, https:\/\/www.perfectvanwamel.com\/wp-content\/uploads\/2024\/06\/Logo-Fruitlogistica-2025-met-PERFECT.png 1226w\" sizes=\"(max-width: 1024px) 100vw, 1024px\" \/><\/a><\/div><div class=\"w-vwrapper usg_vwrapper_1 align_left valign_top \"><div class=\"w-post-elm post_custom_field usg_post_custom_field_1 type_text\">05-02-2025<\/div><h2 class=\"w-post-elm post_title usg_post_title_1 entry-title color_link_inherit\"><a href=\"https:\/\/www.perfectvanwamel.com\/de\/messe\/fruitlogistica-2025-save-the-date\/\">Fruitlogistica 2025: Save the Date<\/a><\/h2><div class=\"w-post-elm post_content usg_post_content_1\" >Perfect van Wamel ist wieder auf der FRUITLOGISTICA in Berlin am 5, 6 und 7. Februar 2025 vertreten Zusammen mit unseren Mitausstellern: Agromanager Christiaens Munckhof F\u00fcr weitere Informationen, kontaktieren Sie&hellip;<\/div><\/div><\/div>\t<\/div>\r\n<\/article>\r\n<article class=\"w-grid-item size_1x1 post-13447 post type-post status-publish format-standard has-post-thumbnail hentry category-messe\" data-id=\"13447\">\r\n\t<div class=\"w-grid-item-h\">\r\n\t\t\t\t<div class=\"w-hwrapper usg_hwrapper_1 align_left valign_center wrap \"><div class=\"w-post-elm post_image usg_post_image_1 stretched has_width\"><a href=\"https:\/\/www.perfectvanwamel.com\/de\/messe\/zeeuwse-fruitteeltdag-2025\/\" aria-label=\"Zeeuwse Fruitteeltdag 2025\"><img decoding=\"async\" width=\"836\" height=\"462\" src=\"https:\/\/www.perfectvanwamel.com\/wp-content\/uploads\/2024\/08\/Zeeuwse-fruitteeltdag-Save-the-Date.jpg\" class=\"attachment-large size-large wp-post-image\" alt=\"\" srcset=\"https:\/\/www.perfectvanwamel.com\/wp-content\/uploads\/2024\/08\/Zeeuwse-fruitteeltdag-Save-the-Date.jpg 836w, https:\/\/www.perfectvanwamel.com\/wp-content\/uploads\/2024\/08\/Zeeuwse-fruitteeltdag-Save-the-Date-300x166.jpg 300w, https:\/\/www.perfectvanwamel.com\/wp-content\/uploads\/2024\/08\/Zeeuwse-fruitteeltdag-Save-the-Date-600x332.jpg 600w\" sizes=\"(max-width: 836px) 100vw, 836px\" \/><\/a><\/div><div class=\"w-vwrapper usg_vwrapper_1 align_left valign_top \"><div class=\"w-post-elm post_custom_field usg_post_custom_field_1 type_text\">23-01-2025<\/div><h2 class=\"w-post-elm post_title usg_post_title_1 entry-title color_link_inherit\"><a href=\"https:\/\/www.perfectvanwamel.com\/de\/messe\/zeeuwse-fruitteeltdag-2025\/\">Zeeuwse Fruitteeltdag 2025<\/a><\/h2><div class=\"w-post-elm post_content usg_post_content_1\" >Am Donnerstag, den 23. Januar 2025, wird der Zeel\u00e4ndische Obstbautag wieder von der Niederl\u00e4ndischen Obstbauorganisation (NFO) und dem Kring Zuid-West organisiert. Diese gro\u00df angelegte seel\u00e4ndische Veranstaltung f\u00fcr professionelle Obstbauern findet&hellip;<\/div><\/div><\/div>\t<\/div>\r\n<\/article>\r\n<article class=\"w-grid-item size_1x1 post-12092 post type-post status-publish format-standard has-post-thumbnail hentry category-messe\" data-id=\"12092\">\r\n\t<div class=\"w-grid-item-h\">\r\n\t\t\t\t<div class=\"w-hwrapper usg_hwrapper_1 align_left valign_center wrap \"><div class=\"w-post-elm post_image usg_post_image_1 stretched has_width\"><a href=\"https:\/\/www.perfectvanwamel.com\/de\/messe\/fructura-2024-save-the-date\/\" aria-label=\"Fructura 2024 &#8211; Save the Date\"><img decoding=\"async\" width=\"1024\" height=\"360\" src=\"https:\/\/www.perfectvanwamel.com\/wp-content\/uploads\/2024\/06\/Fructura-Save-the-Date-1024x360.png\" class=\"attachment-large size-large wp-post-image\" alt=\"\" srcset=\"https:\/\/www.perfectvanwamel.com\/wp-content\/uploads\/2024\/06\/Fructura-Save-the-Date-1024x360.png 1024w, https:\/\/www.perfectvanwamel.com\/wp-content\/uploads\/2024\/06\/Fructura-Save-the-Date-300x106.png 300w, https:\/\/www.perfectvanwamel.com\/wp-content\/uploads\/2024\/06\/Fructura-Save-the-Date-600x211.png 600w\" sizes=\"(max-width: 1024px) 100vw, 1024px\" \/><\/a><\/div><div class=\"w-vwrapper usg_vwrapper_1 align_left valign_top \"><div class=\"w-post-elm post_custom_field usg_post_custom_field_1 type_text\">04-12-2024<\/div><h2 class=\"w-post-elm post_title usg_post_title_1 entry-title color_link_inherit\"><a href=\"https:\/\/www.perfectvanwamel.com\/de\/messe\/fructura-2024-save-the-date\/\">Fructura 2024 &#8211; Save the Date<\/a><\/h2><div class=\"w-post-elm post_content usg_post_content_1\" >Die gr\u00f6\u00dfte Fachmesse f\u00fcr den professionellen Obstanbau, organisiert von vzw Fruittelers Zuid-Limburg. Datum: 4. &#8211; 5. Dezember 2024 Ort: TRIXXO Arena in Hasselt (BE) PERFECT van Wamel ist dabei!<\/div><\/div><\/div>\t<\/div>\r\n<\/article>\r\n<article class=\"w-grid-item size_1x1 post-11147 post type-post status-publish format-standard has-post-thumbnail hentry category-messe\" data-id=\"11147\">\r\n\t<div class=\"w-grid-item-h\">\r\n\t\t\t\t<div class=\"w-hwrapper usg_hwrapper_1 align_left valign_center wrap \"><div class=\"w-post-elm post_image usg_post_image_1 stretched has_width\"><a href=\"https:\/\/www.perfectvanwamel.com\/de\/messe\/vinitech-sifel-2024\/\" aria-label=\"Vinitech Sifel 2024\"><img decoding=\"async\" width=\"1024\" height=\"202\" src=\"https:\/\/www.perfectvanwamel.com\/wp-content\/uploads\/2024\/02\/Vinitech-Sifel-logo-2024-1024x202.jpg\" class=\"attachment-large size-large wp-post-image\" alt=\"\" srcset=\"https:\/\/www.perfectvanwamel.com\/wp-content\/uploads\/2024\/02\/Vinitech-Sifel-logo-2024-1024x202.jpg 1024w, https:\/\/www.perfectvanwamel.com\/wp-content\/uploads\/2024\/02\/Vinitech-Sifel-logo-2024-300x59.jpg 300w, https:\/\/www.perfectvanwamel.com\/wp-content\/uploads\/2024\/02\/Vinitech-Sifel-logo-2024-600x118.jpg 600w, https:\/\/www.perfectvanwamel.com\/wp-content\/uploads\/2024\/02\/Vinitech-Sifel-logo-2024.jpg 1100w\" sizes=\"(max-width: 1024px) 100vw, 1024px\" \/><\/a><\/div><div class=\"w-vwrapper usg_vwrapper_1 align_left valign_top \"><div class=\"w-post-elm post_custom_field usg_post_custom_field_1 type_text\">26-11-2024<\/div><h2 class=\"w-post-elm post_title usg_post_title_1 entry-title color_link_inherit\"><a href=\"https:\/\/www.perfectvanwamel.com\/de\/messe\/vinitech-sifel-2024\/\">Vinitech Sifel 2024<\/a><\/h2><div class=\"w-post-elm post_content usg_post_content_1\" >Unser H\u00e4ndler Nouvelle Delmas der Perfect van Wamel Produkte wird wieder auf der Vinitech Sifel Messe vom 26. bis 28. November 2024 anwesend sein! Der Standplatz: HALLE 1\u00a0 C 0804&hellip;<\/div><\/div><\/div>\t<\/div>\r\n<\/article>\r\n<article class=\"w-grid-item size_1x1 post-14149 post type-post status-publish format-standard has-post-thumbnail hentry category-messe\" data-id=\"14149\">\r\n\t<div class=\"w-grid-item-h\">\r\n\t\t\t\t<div class=\"w-hwrapper usg_hwrapper_1 align_left valign_center wrap \"><div class=\"w-post-elm post_image usg_post_image_1 stretched has_width\"><a href=\"https:\/\/www.perfectvanwamel.com\/de\/messe\/interpoma-messe-italie\/\" aria-label=\"Interpoma Messe Italie\"><img decoding=\"async\" width=\"1024\" height=\"336\" src=\"https:\/\/www.perfectvanwamel.com\/wp-content\/uploads\/2024\/09\/bannerdesktopperfect-1024x336.jpg\" class=\"attachment-large size-large wp-post-image\" alt=\"\" srcset=\"https:\/\/www.perfectvanwamel.com\/wp-content\/uploads\/2024\/09\/bannerdesktopperfect-1024x336.jpg 1024w, https:\/\/www.perfectvanwamel.com\/wp-content\/uploads\/2024\/09\/bannerdesktopperfect-300x99.jpg 300w, https:\/\/www.perfectvanwamel.com\/wp-content\/uploads\/2024\/09\/bannerdesktopperfect-600x197.jpg 600w\" sizes=\"(max-width: 1024px) 100vw, 1024px\" \/><\/a><\/div><div class=\"w-vwrapper usg_vwrapper_1 align_left valign_top \"><div class=\"w-post-elm post_custom_field usg_post_custom_field_1 type_text\">21-11-2024<\/div><h2 class=\"w-post-elm post_title usg_post_title_1 entry-title color_link_inherit\"><a href=\"https:\/\/www.perfectvanwamel.com\/de\/messe\/interpoma-messe-italie\/\">Interpoma Messe Italie<\/a><\/h2><div class=\"w-post-elm post_content usg_post_content_1\" >INTERPOMA Messe findet vom 21. bis 23. November 2024 in Bolzano, Italien, statt. PERFECT van Wamel wird dort mit unserem H\u00e4ndler Meland vertreten sein<\/div><\/div><\/div>\t<\/div>\r\n<\/article>\r\n<article class=\"w-grid-item size_1x1 post-14152 post type-post status-publish format-standard has-post-thumbnail hentry category-messe\" data-id=\"14152\">\r\n\t<div class=\"w-grid-item-h\">\r\n\t\t\t\t<div class=\"w-hwrapper usg_hwrapper_1 align_left valign_center wrap \"><div class=\"w-post-elm post_image usg_post_image_1 stretched has_width\"><a href=\"https:\/\/www.perfectvanwamel.com\/de\/messe\/austro-agrar-tulln\/\" aria-label=\"Austro Agrar Tulln\"><img decoding=\"async\" width=\"1024\" height=\"510\" src=\"https:\/\/www.perfectvanwamel.com\/wp-content\/uploads\/2024\/09\/Promo-2-5x3-1-1024x510.png\" class=\"attachment-large size-large wp-post-image\" alt=\"\" srcset=\"https:\/\/www.perfectvanwamel.com\/wp-content\/uploads\/2024\/09\/Promo-2-5x3-1-1024x510.png 1024w, https:\/\/www.perfectvanwamel.com\/wp-content\/uploads\/2024\/09\/Promo-2-5x3-1-300x149.png 300w, https:\/\/www.perfectvanwamel.com\/wp-content\/uploads\/2024\/09\/Promo-2-5x3-1-600x299.png 600w, https:\/\/www.perfectvanwamel.com\/wp-content\/uploads\/2024\/09\/Promo-2-5x3-1.png 1161w\" sizes=\"(max-width: 1024px) 100vw, 1024px\" \/><\/a><\/div><div class=\"w-vwrapper usg_vwrapper_1 align_left valign_top \"><div class=\"w-post-elm post_custom_field usg_post_custom_field_1 type_text\">20-11-2024<\/div><h2 class=\"w-post-elm post_title usg_post_title_1 entry-title color_link_inherit\"><a href=\"https:\/\/www.perfectvanwamel.com\/de\/messe\/austro-agrar-tulln\/\">Austro Agrar Tulln<\/a><\/h2><div class=\"w-post-elm post_content usg_post_content_1\" >Vom 20. bis 23. November 2024 findet in \u00d6sterreich die Fachmesse Austro Agrar Tulln vakbeurs statt. PERFECT van Wamel wird dort auch mit unserem H\u00e4ndler ACA Center Janu GmbH vertreten&hellip;<\/div><\/div><\/div>\t<\/div>\r\n<\/article>\r\n<article class=\"w-grid-item size_1x1 post-14155 post type-post status-publish format-standard has-post-thumbnail hentry category-messe\" data-id=\"14155\">\r\n\t<div class=\"w-grid-item-h\">\r\n\t\t\t\t<div class=\"w-hwrapper usg_hwrapper_1 align_left valign_center wrap \"><div class=\"w-post-elm post_image usg_post_image_1 stretched has_width\"><a href=\"https:\/\/www.perfectvanwamel.com\/de\/messe\/perfect-agragroteknikk-norwegen\/\" aria-label=\"PERFECT @Agragroteknikk Norwegen\"><img decoding=\"async\" width=\"650\" height=\"390\" src=\"https:\/\/www.perfectvanwamel.com\/wp-content\/uploads\/2024\/09\/Agroteknikk-2024-vakbeurs-Noorwegen-5x3-1.png\" class=\"attachment-large size-large wp-post-image\" alt=\"\" srcset=\"https:\/\/www.perfectvanwamel.com\/wp-content\/uploads\/2024\/09\/Agroteknikk-2024-vakbeurs-Noorwegen-5x3-1.png 650w, https:\/\/www.perfectvanwamel.com\/wp-content\/uploads\/2024\/09\/Agroteknikk-2024-vakbeurs-Noorwegen-5x3-1-300x180.png 300w, https:\/\/www.perfectvanwamel.com\/wp-content\/uploads\/2024\/09\/Agroteknikk-2024-vakbeurs-Noorwegen-5x3-1-600x360.png 600w\" sizes=\"(max-width: 650px) 100vw, 650px\" \/><\/a><\/div><div class=\"w-vwrapper usg_vwrapper_1 align_left valign_top \"><div class=\"w-post-elm post_custom_field usg_post_custom_field_1 type_text\">14-11-2024<\/div><h2 class=\"w-post-elm post_title usg_post_title_1 entry-title color_link_inherit\"><a href=\"https:\/\/www.perfectvanwamel.com\/de\/messe\/perfect-agragroteknikk-norwegen\/\">PERFECT @Agragroteknikk Norwegen<\/a><\/h2><div class=\"w-post-elm post_content usg_post_content_1\" >Perfect van Wamel wird an der AGROTEKNIKK teilnimmen on 14 &#8211; 17 Nov 2024 zusammen mit unserem norwegischen H\u00e4ndler\u00a0\u00c5lg\u00e5rd Landbrukssenter Kontakt f\u00fcr Informationen sales@vanwamel.nl\u00a0 &nbsp; &nbsp;<\/div><\/div><\/div>\t<\/div>\r\n<\/article>\r\n<\/div>\t<div class=\"w-grid-json hidden\" onclick='return {&quot;ajax_url&quot;:&quot;https:\\\/\\\/www.perfectvanwamel.com\\\/wp-admin\\\/admin-ajax.php&quot;,&quot;permalink_url&quot;:&quot;https:\\\/\\\/www.perfectvanwamel.com\\\/de\\\/messe\\\/perfect-agragroteknikk-norwegen\\\/&quot;,&quot;action&quot;:&quot;us_ajax_grid&quot;,&quot;max_num_pages&quot;:2,&quot;infinite_scroll&quot;:0,&quot;template_vars&quot;:{&quot;query_args&quot;:{&quot;ignore_sticky_posts&quot;:1,&quot;post_type&quot;:&quot;any&quot;,&quot;post__in&quot;:[&quot;28234&quot;,&quot;14209&quot;,&quot;14230&quot;,&quot;12089&quot;,&quot;13447&quot;,&quot;12092&quot;,&quot;11147&quot;,&quot;14149&quot;,&quot;14152&quot;,&quot;14155&quot;,&quot;12094&quot;,&quot;13043&quot;,&quot;10634&quot;,&quot;10438&quot;,&quot;10355&quot;,&quot;10358&quot;],&quot;orderby&quot;:{&quot;post__in&quot;:&quot;ASC&quot;},&quot;posts_per_page&quot;:&quot;10&quot;},&quot;post_id&quot;:28238,&quot;us_grid_index&quot;:2,&quot;us_grid_ajax_index&quot;:1,&quot;exclude_items&quot;:&quot;none&quot;,&quot;items_offset&quot;:&quot;1&quot;,&quot;items_layout&quot;:&quot;10486&quot;,&quot;type&quot;:&quot;grid&quot;,&quot;columns&quot;:&quot;1&quot;,&quot;img_size&quot;:&quot;default&quot;,&quot;overriding_link&quot;:&quot;none&quot;,&quot;lang&quot;:&quot;de&quot;}}'><\/div>\r\n<\/div><\/div>\n\n\t\t<\/div><\/div><\/div><\/div><\/div><\/section>\n","protected":false},"excerpt":{"rendered":"Perfect van Wamel wird an der AGROTEKNIKK teilnimmen on 14 - 17 Nov 2024 zusammen mit unserem norwegischen H\u00e4ndler\u00a0\u00c5lg\u00e5rd Landbrukssenter Kontakt f\u00fcr Informationen sales@vanwamel.nl\u00a0 &nbsp; &nbsp;","protected":false},"author":1,"featured_media":0,"parent":0,"menu_order":0,"comment_status":"closed","ping_status":"closed","template":"","meta":{"_acf_changed":false,"footnotes":""},"class_list":["post-5403","page","type-page","status-publish","hentry"],"acf":[],"yoast_head":"<!-- This site is optimized with the Yoast SEO plugin v27.4 - https:\/\/yoast.com\/product\/yoast-seo-wordpress\/ -->\n<title>Agenda - PERFECT - Van Wamel<\/title>\n<meta name=\"robots\" content=\"index, follow, max-snippet:-1, max-image-preview:large, max-video-preview:-1\" \/>\n<link rel=\"canonical\" href=\"https:\/\/www.perfectvanwamel.com\/de\/agenda\/\" \/>\n<meta property=\"og:locale\" content=\"de_DE\" \/>\n<meta property=\"og:type\" content=\"article\" \/>\n<meta property=\"og:title\" content=\"Agenda - PERFECT - Van Wamel\" \/>\n<meta property=\"og:url\" content=\"https:\/\/www.perfectvanwamel.com\/de\/agenda\/\" \/>\n<meta property=\"og:site_name\" content=\"PERFECT - Van Wamel\" \/>\n<meta property=\"article:modified_time\" content=\"2026-02-10T09:14:10+00:00\" \/>\n<meta name=\"twitter:card\" content=\"summary_large_image\" \/>\n<meta name=\"twitter:label1\" content=\"Gesch\u00e4tzte Lesezeit\" \/>\n\t<meta name=\"twitter:data1\" content=\"1\u00a0Minute\" \/>\n<script type=\"application\/ld+json\" class=\"yoast-schema-graph\">{\"@context\":\"https:\\\/\\\/schema.org\",\"@graph\":[{\"@type\":\"WebPage\",\"@id\":\"https:\\\/\\\/www.perfectvanwamel.com\\\/de\\\/agenda\\\/\",\"url\":\"https:\\\/\\\/www.perfectvanwamel.com\\\/de\\\/agenda\\\/\",\"name\":\"Agenda - PERFECT - Van Wamel\",\"isPartOf\":{\"@id\":\"https:\\\/\\\/www.perfectvanwamel.com\\\/de\\\/#website\"},\"datePublished\":\"2020-09-07T08:44:12+00:00\",\"dateModified\":\"2026-02-10T09:14:10+00:00\",\"breadcrumb\":{\"@id\":\"https:\\\/\\\/www.perfectvanwamel.com\\\/de\\\/agenda\\\/#breadcrumb\"},\"inLanguage\":\"de\",\"potentialAction\":[{\"@type\":\"ReadAction\",\"target\":[\"https:\\\/\\\/www.perfectvanwamel.com\\\/de\\\/agenda\\\/\"]}]},{\"@type\":\"BreadcrumbList\",\"@id\":\"https:\\\/\\\/www.perfectvanwamel.com\\\/de\\\/agenda\\\/#breadcrumb\",\"itemListElement\":[{\"@type\":\"ListItem\",\"position\":1,\"name\":\"Home\",\"item\":\"https:\\\/\\\/staging.perfectvanwamel.com\\\/de\\\/\"},{\"@type\":\"ListItem\",\"position\":2,\"name\":\"Agenda\"}]},{\"@type\":\"WebSite\",\"@id\":\"https:\\\/\\\/www.perfectvanwamel.com\\\/de\\\/#website\",\"url\":\"https:\\\/\\\/www.perfectvanwamel.com\\\/de\\\/\",\"name\":\"PERFECT - Van Wamel\",\"description\":\"\",\"potentialAction\":[{\"@type\":\"SearchAction\",\"target\":{\"@type\":\"EntryPoint\",\"urlTemplate\":\"https:\\\/\\\/www.perfectvanwamel.com\\\/de\\\/?s={search_term_string}\"},\"query-input\":{\"@type\":\"PropertyValueSpecification\",\"valueRequired\":true,\"valueName\":\"search_term_string\"}}],\"inLanguage\":\"de\"}]}<\/script>\n<!-- \/ Yoast SEO plugin. -->","yoast_head_json":{"title":"Agenda - PERFECT - Van Wamel","robots":{"index":"index","follow":"follow","max-snippet":"max-snippet:-1","max-image-preview":"max-image-preview:large","max-video-preview":"max-video-preview:-1"},"canonical":"https:\/\/www.perfectvanwamel.com\/de\/agenda\/","og_locale":"de_DE","og_type":"article","og_title":"Agenda - PERFECT - Van Wamel","og_url":"https:\/\/www.perfectvanwamel.com\/de\/agenda\/","og_site_name":"PERFECT - Van Wamel","article_modified_time":"2026-02-10T09:14:10+00:00","twitter_card":"summary_large_image","twitter_misc":{"Gesch\u00e4tzte Lesezeit":"1\u00a0Minute"},"schema":{"@context":"https:\/\/schema.org","@graph":[{"@type":"WebPage","@id":"https:\/\/www.perfectvanwamel.com\/de\/agenda\/","url":"https:\/\/www.perfectvanwamel.com\/de\/agenda\/","name":"Agenda - PERFECT - Van Wamel","isPartOf":{"@id":"https:\/\/www.perfectvanwamel.com\/de\/#website"},"datePublished":"2020-09-07T08:44:12+00:00","dateModified":"2026-02-10T09:14:10+00:00","breadcrumb":{"@id":"https:\/\/www.perfectvanwamel.com\/de\/agenda\/#breadcrumb"},"inLanguage":"de","potentialAction":[{"@type":"ReadAction","target":["https:\/\/www.perfectvanwamel.com\/de\/agenda\/"]}]},{"@type":"BreadcrumbList","@id":"https:\/\/www.perfectvanwamel.com\/de\/agenda\/#breadcrumb","itemListElement":[{"@type":"ListItem","position":1,"name":"Home","item":"https:\/\/staging.perfectvanwamel.com\/de\/"},{"@type":"ListItem","position":2,"name":"Agenda"}]},{"@type":"WebSite","@id":"https:\/\/www.perfectvanwamel.com\/de\/#website","url":"https:\/\/www.perfectvanwamel.com\/de\/","name":"PERFECT - Van Wamel","description":"","potentialAction":[{"@type":"SearchAction","target":{"@type":"EntryPoint","urlTemplate":"https:\/\/www.perfectvanwamel.com\/de\/?s={search_term_string}"},"query-input":{"@type":"PropertyValueSpecification","valueRequired":true,"valueName":"search_term_string"}}],"inLanguage":"de"}]}},"_links":{"self":[{"href":"https:\/\/www.perfectvanwamel.com\/de\/wp-json\/wp\/v2\/pages\/5403","targetHints":{"allow":["GET"]}}],"collection":[{"href":"https:\/\/www.perfectvanwamel.com\/de\/wp-json\/wp\/v2\/pages"}],"about":[{"href":"https:\/\/www.perfectvanwamel.com\/de\/wp-json\/wp\/v2\/types\/page"}],"author":[{"embeddable":true,"href":"https:\/\/www.perfectvanwamel.com\/de\/wp-json\/wp\/v2\/users\/1"}],"replies":[{"embeddable":true,"href":"https:\/\/www.perfectvanwamel.com\/de\/wp-json\/wp\/v2\/comments?post=5403"}],"version-history":[{"count":7,"href":"https:\/\/www.perfectvanwamel.com\/de\/wp-json\/wp\/v2\/pages\/5403\/revisions"}],"predecessor-version":[{"id":28258,"href":"https:\/\/www.perfectvanwamel.com\/de\/wp-json\/wp\/v2\/pages\/5403\/revisions\/28258"}],"wp:attachment":[{"href":"https:\/\/www.perfectvanwamel.com\/de\/wp-json\/wp\/v2\/media?parent=5403"}],"curies":[{"name":"wp","href":"https:\/\/api.w.org\/{rel}","templated":true}]}}