{"id":5575,"date":"2020-04-28T08:10:21","date_gmt":"2020-04-28T06:10:21","guid":{"rendered":"https:\/\/www.perfectvanwamel.com\/product\/schlegelmulcher-km-serie\/"},"modified":"2020-10-01T10:23:27","modified_gmt":"2020-10-01T08:23:27","slug":"schlegelmulcher-km-serie","status":"publish","type":"product","link":"https:\/\/www.perfectvanwamel.com\/de\/produkt\/schlegelmulcher-km-serie\/","title":{"rendered":"KM-Serie, Schwerlast-Schlegelmulcher f\u00fcr Front- und Heckanbau"},"content":{"rendered":"<p>Die schweren Schlegelmulcher der Serie KM verf\u00fcgen \u00fcber einen \u00e4u\u00dferst robusten Rahmen und einen sehr leistungsstarken Zahnradantrieb mit 1000 Umdrehungen. Die Schlegelwelle generiert eine enorme Schlagkraft und erm\u00f6glicht damit einen sehr hohen Durchsatz.<br \/>\nDiese leistungsf\u00e4hige Maschine eignet sich hervorragend f\u00fcr die Bearbeitung von Gr\u00fcnd\u00fcnger oder Maisstoppeln, aber auch f\u00fcr die Pflege von Weg- und Stra\u00dfenr\u00e4ndern.<\/p>\n<p>Der KM verf\u00fcgt serienm\u00e4\u00dfig \u00fcber einen hydraulischen Ausleger. Die Standardausf\u00fchrung wird mit 0,9\u00a0kg schweren Schlegeln geliefert, es ist aber auch ein Modell mit Schwerlastschlegeln von 2,2\u00a0kg lieferbar.<\/p>\n","protected":false},"excerpt":{"rendered":"<p>Der KM-Schlegelmulcher ist ein \u00e4u\u00dferst robustes Arbeitsger\u00e4t f\u00fcr den Front- oder Heckanbau. Auch unter schwierigsten Bedingungen sorgt diese Maschine f\u00fcr ein ausgezeichnetes M\u00e4hergebnis.<\/p>\n","protected":false},"featured_media":28379,"template":"","meta":{"_acf_changed":false},"product_brand":[],"product_cat":[1231],"product_tag":[],"class_list":{"0":"post-5575","1":"product","2":"type-product","3":"status-publish","4":"has-post-thumbnail","6":"product_cat-schlegelmulcher","7":"pa_aftakas-opm-1000-de","8":"pa_denkende-schijf-nein","9":"pa_gewicht-kg-1000-de","10":"pa_gewicht-kg-1030-de","11":"pa_gewicht-kg-1120-de","12":"pa_gewicht-kg-1200-de","13":"pa_hefinrichting-tractor-cat-ii-de","14":"pa_min-benodigd-vermogen-kw-pk-35-48-de","15":"pa_min-benodigd-vermogen-kw-pk-40-55-de","16":"pa_min-benodigd-vermogen-kw-pk-48-65-de","17":"pa_min-benodigd-vermogen-kw-pk-55-75-de","18":"pa_totale-breedte-cm-247-de","19":"pa_totale-breedte-cm-272-de","20":"pa_totale-breedte-cm-297-de","21":"pa_totale-breedte-cm-327-de","22":"pa_werkbreedte-cm-220-de","23":"pa_werkbreedte-cm-245-de","24":"pa_werkbreedte-cm-270-de","25":"pa_werkbreedte-cm-300-de","27":"first","28":"instock","29":"shipping-taxable","30":"product-type-simple"},"acf":[],"yoast_head":"<!-- This site is optimized with the Yoast SEO plugin v27.5 - https:\/\/yoast.com\/product\/yoast-seo-wordpress\/ -->\n<title>KM-Serie, Schwerlast-Schlegelmulcher f\u00fcr Front- und Heckanbau - PERFECT - Van Wamel<\/title>\n<meta name=\"robots\" content=\"index, follow, max-snippet:-1, max-image-preview:large, max-video-preview:-1\" \/>\n<link rel=\"canonical\" href=\"https:\/\/www.perfectvanwamel.com\/de\/produkt\/schlegelmulcher-km-serie\/\" \/>\n<meta property=\"og:locale\" content=\"de_DE\" \/>\n<meta property=\"og:type\" content=\"article\" \/>\n<meta property=\"og:title\" content=\"KM-Serie, Schwerlast-Schlegelmulcher f\u00fcr Front- und Heckanbau - PERFECT - Van Wamel\" \/>\n<meta property=\"og:description\" content=\"Der KM-Schlegelmulcher ist ein \u00e4u\u00dferst robustes Arbeitsger\u00e4t f\u00fcr den Front- oder Heckanbau. Auch unter schwierigsten Bedingungen sorgt diese Maschine f\u00fcr ein ausgezeichnetes M\u00e4hergebnis.\" \/>\n<meta property=\"og:url\" content=\"https:\/\/www.perfectvanwamel.com\/de\/produkt\/schlegelmulcher-km-serie\/\" \/>\n<meta property=\"og:site_name\" content=\"PERFECT - Van Wamel\" \/>\n<meta property=\"article:modified_time\" content=\"2020-10-01T08:23:27+00:00\" \/>\n<meta property=\"og:image\" content=\"https:\/\/staging.perfectvanwamel.com\/wp-content\/uploads\/2020\/04\/PERFECT-maaier-KM-245-blanco.jpg\" \/>\n\t<meta property=\"og:image:width\" content=\"1500\" \/>\n\t<meta property=\"og:image:height\" content=\"1123\" \/>\n\t<meta property=\"og:image:type\" content=\"image\/jpeg\" \/>\n<meta name=\"twitter:card\" content=\"summary_large_image\" \/>\n<script type=\"application\/ld+json\" class=\"yoast-schema-graph\">{\"@context\":\"https:\\\/\\\/schema.org\",\"@graph\":[{\"@type\":\"WebPage\",\"@id\":\"https:\\\/\\\/www.perfectvanwamel.com\\\/de\\\/produkt\\\/schlegelmulcher-km-serie\\\/\",\"url\":\"https:\\\/\\\/www.perfectvanwamel.com\\\/de\\\/produkt\\\/schlegelmulcher-km-serie\\\/\",\"name\":\"KM-Serie, Schwerlast-Schlegelmulcher f\u00fcr Front- und Heckanbau - PERFECT - Van Wamel\",\"isPartOf\":{\"@id\":\"https:\\\/\\\/www.perfectvanwamel.com\\\/de\\\/#website\"},\"primaryImageOfPage\":{\"@id\":\"https:\\\/\\\/www.perfectvanwamel.com\\\/de\\\/produkt\\\/schlegelmulcher-km-serie\\\/#primaryimage\"},\"image\":{\"@id\":\"https:\\\/\\\/www.perfectvanwamel.com\\\/de\\\/produkt\\\/schlegelmulcher-km-serie\\\/#primaryimage\"},\"thumbnailUrl\":\"https:\\\/\\\/www.perfectvanwamel.com\\\/wp-content\\\/uploads\\\/2020\\\/04\\\/KM.jpg\",\"datePublished\":\"2020-04-28T06:10:21+00:00\",\"dateModified\":\"2020-10-01T08:23:27+00:00\",\"breadcrumb\":{\"@id\":\"https:\\\/\\\/www.perfectvanwamel.com\\\/de\\\/produkt\\\/schlegelmulcher-km-serie\\\/#breadcrumb\"},\"inLanguage\":\"de\",\"potentialAction\":[{\"@type\":\"ReadAction\",\"target\":[\"https:\\\/\\\/www.perfectvanwamel.com\\\/de\\\/produkt\\\/schlegelmulcher-km-serie\\\/\"]}]},{\"@type\":\"ImageObject\",\"inLanguage\":\"de\",\"@id\":\"https:\\\/\\\/www.perfectvanwamel.com\\\/de\\\/produkt\\\/schlegelmulcher-km-serie\\\/#primaryimage\",\"url\":\"https:\\\/\\\/www.perfectvanwamel.com\\\/wp-content\\\/uploads\\\/2020\\\/04\\\/KM.jpg\",\"contentUrl\":\"https:\\\/\\\/www.perfectvanwamel.com\\\/wp-content\\\/uploads\\\/2020\\\/04\\\/KM.jpg\",\"width\":1500,\"height\":1000},{\"@type\":\"BreadcrumbList\",\"@id\":\"https:\\\/\\\/www.perfectvanwamel.com\\\/de\\\/produkt\\\/schlegelmulcher-km-serie\\\/#breadcrumb\",\"itemListElement\":[{\"@type\":\"ListItem\",\"position\":1,\"name\":\"Home\",\"item\":\"https:\\\/\\\/staging.perfectvanwamel.com\\\/de\\\/\"},{\"@type\":\"ListItem\",\"position\":2,\"name\":\"Produkte\",\"item\":\"https:\\\/\\\/www.perfectvanwamel.com\\\/de\\\/technologie\\\/\"},{\"@type\":\"ListItem\",\"position\":3,\"name\":\"KM-Serie, Schwerlast-Schlegelmulcher f\u00fcr Front- und Heckanbau\"}]},{\"@type\":\"WebSite\",\"@id\":\"https:\\\/\\\/www.perfectvanwamel.com\\\/de\\\/#website\",\"url\":\"https:\\\/\\\/www.perfectvanwamel.com\\\/de\\\/\",\"name\":\"PERFECT - Van Wamel\",\"description\":\"\",\"potentialAction\":[{\"@type\":\"SearchAction\",\"target\":{\"@type\":\"EntryPoint\",\"urlTemplate\":\"https:\\\/\\\/www.perfectvanwamel.com\\\/de\\\/?s={search_term_string}\"},\"query-input\":{\"@type\":\"PropertyValueSpecification\",\"valueRequired\":true,\"valueName\":\"search_term_string\"}}],\"inLanguage\":\"de\"}]}<\/script>\n<!-- \/ Yoast SEO plugin. -->","yoast_head_json":{"title":"KM-Serie, Schwerlast-Schlegelmulcher f\u00fcr Front- und Heckanbau - PERFECT - Van Wamel","robots":{"index":"index","follow":"follow","max-snippet":"max-snippet:-1","max-image-preview":"max-image-preview:large","max-video-preview":"max-video-preview:-1"},"canonical":"https:\/\/www.perfectvanwamel.com\/de\/produkt\/schlegelmulcher-km-serie\/","og_locale":"de_DE","og_type":"article","og_title":"KM-Serie, Schwerlast-Schlegelmulcher f\u00fcr Front- und Heckanbau - PERFECT - Van Wamel","og_description":"Der KM-Schlegelmulcher ist ein \u00e4u\u00dferst robustes Arbeitsger\u00e4t f\u00fcr den Front- oder Heckanbau. Auch unter schwierigsten Bedingungen sorgt diese Maschine f\u00fcr ein ausgezeichnetes M\u00e4hergebnis.","og_url":"https:\/\/www.perfectvanwamel.com\/de\/produkt\/schlegelmulcher-km-serie\/","og_site_name":"PERFECT - Van Wamel","article_modified_time":"2020-10-01T08:23:27+00:00","og_image":[{"width":1500,"height":1123,"url":"https:\/\/staging.perfectvanwamel.com\/wp-content\/uploads\/2020\/04\/PERFECT-maaier-KM-245-blanco.jpg","type":"image\/jpeg"}],"twitter_card":"summary_large_image","schema":{"@context":"https:\/\/schema.org","@graph":[{"@type":"WebPage","@id":"https:\/\/www.perfectvanwamel.com\/de\/produkt\/schlegelmulcher-km-serie\/","url":"https:\/\/www.perfectvanwamel.com\/de\/produkt\/schlegelmulcher-km-serie\/","name":"KM-Serie, Schwerlast-Schlegelmulcher f\u00fcr Front- und Heckanbau - PERFECT - Van Wamel","isPartOf":{"@id":"https:\/\/www.perfectvanwamel.com\/de\/#website"},"primaryImageOfPage":{"@id":"https:\/\/www.perfectvanwamel.com\/de\/produkt\/schlegelmulcher-km-serie\/#primaryimage"},"image":{"@id":"https:\/\/www.perfectvanwamel.com\/de\/produkt\/schlegelmulcher-km-serie\/#primaryimage"},"thumbnailUrl":"https:\/\/www.perfectvanwamel.com\/wp-content\/uploads\/2020\/04\/KM.jpg","datePublished":"2020-04-28T06:10:21+00:00","dateModified":"2020-10-01T08:23:27+00:00","breadcrumb":{"@id":"https:\/\/www.perfectvanwamel.com\/de\/produkt\/schlegelmulcher-km-serie\/#breadcrumb"},"inLanguage":"de","potentialAction":[{"@type":"ReadAction","target":["https:\/\/www.perfectvanwamel.com\/de\/produkt\/schlegelmulcher-km-serie\/"]}]},{"@type":"ImageObject","inLanguage":"de","@id":"https:\/\/www.perfectvanwamel.com\/de\/produkt\/schlegelmulcher-km-serie\/#primaryimage","url":"https:\/\/www.perfectvanwamel.com\/wp-content\/uploads\/2020\/04\/KM.jpg","contentUrl":"https:\/\/www.perfectvanwamel.com\/wp-content\/uploads\/2020\/04\/KM.jpg","width":1500,"height":1000},{"@type":"BreadcrumbList","@id":"https:\/\/www.perfectvanwamel.com\/de\/produkt\/schlegelmulcher-km-serie\/#breadcrumb","itemListElement":[{"@type":"ListItem","position":1,"name":"Home","item":"https:\/\/staging.perfectvanwamel.com\/de\/"},{"@type":"ListItem","position":2,"name":"Produkte","item":"https:\/\/www.perfectvanwamel.com\/de\/technologie\/"},{"@type":"ListItem","position":3,"name":"KM-Serie, Schwerlast-Schlegelmulcher f\u00fcr Front- und Heckanbau"}]},{"@type":"WebSite","@id":"https:\/\/www.perfectvanwamel.com\/de\/#website","url":"https:\/\/www.perfectvanwamel.com\/de\/","name":"PERFECT - Van Wamel","description":"","potentialAction":[{"@type":"SearchAction","target":{"@type":"EntryPoint","urlTemplate":"https:\/\/www.perfectvanwamel.com\/de\/?s={search_term_string}"},"query-input":{"@type":"PropertyValueSpecification","valueRequired":true,"valueName":"search_term_string"}}],"inLanguage":"de"}]}},"_links":{"self":[{"href":"https:\/\/www.perfectvanwamel.com\/de\/wp-json\/wp\/v2\/product\/5575","targetHints":{"allow":["GET"]}}],"collection":[{"href":"https:\/\/www.perfectvanwamel.com\/de\/wp-json\/wp\/v2\/product"}],"about":[{"href":"https:\/\/www.perfectvanwamel.com\/de\/wp-json\/wp\/v2\/types\/product"}],"wp:featuredmedia":[{"embeddable":true,"href":"https:\/\/www.perfectvanwamel.com\/de\/wp-json\/wp\/v2\/media\/28379"}],"wp:attachment":[{"href":"https:\/\/www.perfectvanwamel.com\/de\/wp-json\/wp\/v2\/media?parent=5575"}],"wp:term":[{"taxonomy":"product_brand","embeddable":true,"href":"https:\/\/www.perfectvanwamel.com\/de\/wp-json\/wp\/v2\/product_brand?post=5575"},{"taxonomy":"product_cat","embeddable":true,"href":"https:\/\/www.perfectvanwamel.com\/de\/wp-json\/wp\/v2\/product_cat?post=5575"},{"taxonomy":"product_tag","embeddable":true,"href":"https:\/\/www.perfectvanwamel.com\/de\/wp-json\/wp\/v2\/product_tag?post=5575"}],"curies":[{"name":"wp","href":"https:\/\/api.w.org\/{rel}","templated":true}]}}