{"id":5576,"date":"2020-04-28T08:03:53","date_gmt":"2020-04-28T06:03:53","guid":{"rendered":"https:\/\/www.perfectvanwamel.com\/product\/schlegelmulcher-kt-serie\/"},"modified":"2022-11-30T21:46:10","modified_gmt":"2022-11-30T20:46:10","slug":"schlegelmulcher-kt-serie","status":"publish","type":"product","link":"https:\/\/www.perfectvanwamel.com\/de\/produkt\/schlegelmulcher-kt-serie\/","title":{"rendered":"KT-Serie, Schwerlast-Schlegelmulcher f\u00fcr gro\u00dfer Volumen"},"content":{"rendered":"<p>Der KT-Schlegelmulcher ist auf dem Markt einer der st\u00e4rksten seiner Art. Der \u00e4u\u00dferst schwere Rahmen und der auf hohe Belastungen ausgelegte Antrieb (1000 Umdrehungen) generieren eine enorme Schlagkraft, sodass sich der KT hervorragend f\u00fcr sehr intensiven Einsatz im Ackerbau eignet. Dank der verstellbaren Auswurfklappe ist der KT ideal f\u00fcr die Verarbeitung gro\u00dfer Volumen an Gr\u00fcnd\u00fcnger, aber auch f\u00fcr das H\u00e4ckseln von Maisstoppeln.<\/p>\n<p>Diese hochgradig robusten Schlegelmulcher sind wahlweise als Frontmaschine erh\u00e4ltlich; in dem Fall verf\u00fcgen Sie \u00fcber eine gezogene Frontmaschine mit perfekter Bodenanpassung.<\/p>\n<p><strong>3D-Flex Frontanbaubock<\/strong><br \/>\nF\u00fcr kombiniertes M\u00e4hen und Pfl\u00fcgen ist der 3D-Flex Frontanbaubock dank der gezogenen Aufh\u00e4ngung, der horizontalen Flachstellung und des gro\u00dfen Auslegers die ideale L\u00f6sung. Mit der gro\u00dfen Seitenauslage l\u00e4sst sich ein Arbeitsbereich von der Breite eines Drehpflugs mit 5\u00a0Scharen bearbeiten. Au\u00dferdem steht mit dem 3D-Flex Frontanbaubock eine einstellbare Bodenentlastung zur Verf\u00fcgung. Der Schlegelmulcher fungiert hierbei als Frontgewicht, wodurch sich die Traktion der Zugmaschine unter allen Bedingungen optimieren l\u00e4sst.<\/p>\n","protected":false},"excerpt":{"rendered":"<p>KT-Schlegelmulcher sind \u00e4u\u00dferst robuste Arbeitsger\u00e4te und durch Planung und Herstellung darauf ausgelegt, auch unter schwierigsten Bedingungen hervorragende Leistung zu erbringen. Arbeitsbreite bis 3,20\u00a0m.<\/p>\n","protected":false},"featured_media":13269,"template":"","meta":{"_acf_changed":false},"product_brand":[],"product_cat":[1231],"product_tag":[],"class_list":{"0":"post-5576","1":"product","2":"type-product","3":"status-publish","4":"has-post-thumbnail","6":"product_cat-schlegelmulcher","7":"pa_aftakas-opm-1000-de","8":"pa_denkende-schijf-nein","9":"pa_gewicht-kg-1030-de","10":"pa_gewicht-kg-1320-de","11":"pa_gewicht-kg-900-de","12":"pa_gewicht-kg-970-de","13":"pa_hefinrichting-tractor-cat-ii-de","14":"pa_min-benodigd-vermogen-kw-pk-21-18-de","15":"pa_min-benodigd-vermogen-kw-pk-24-16-de","16":"pa_min-benodigd-vermogen-kw-pk-28-16-de","17":"pa_min-benodigd-vermogen-kw-pk-32-20-de","18":"pa_totale-breedte-cm-274-de","19":"pa_totale-breedte-cm-299-de","20":"pa_totale-breedte-cm-329-de","21":"pa_totale-breedte-cm-349-de","22":"pa_werkbreedte-cm-245-de","23":"pa_werkbreedte-cm-270-de","24":"pa_werkbreedte-cm-300-de","25":"pa_werkbreedte-cm-320-de","27":"first","28":"instock","29":"shipping-taxable","30":"product-type-simple"},"acf":[],"yoast_head":"<!-- This site is optimized with the Yoast SEO plugin v27.4 - https:\/\/yoast.com\/product\/yoast-seo-wordpress\/ -->\n<title>KT-Serie, Schwerlast-Schlegelmulcher f\u00fcr gro\u00dfer Volumen - PERFECT - Van Wamel<\/title>\n<meta name=\"robots\" content=\"index, follow, max-snippet:-1, max-image-preview:large, max-video-preview:-1\" \/>\n<link rel=\"canonical\" href=\"https:\/\/www.perfectvanwamel.com\/de\/produkt\/schlegelmulcher-kt-serie\/\" \/>\n<meta property=\"og:locale\" content=\"de_DE\" \/>\n<meta property=\"og:type\" content=\"article\" \/>\n<meta property=\"og:title\" content=\"KT-Serie, Schwerlast-Schlegelmulcher f\u00fcr gro\u00dfer Volumen - PERFECT - Van Wamel\" \/>\n<meta property=\"og:description\" content=\"KT-Schlegelmulcher sind \u00e4u\u00dferst robuste Arbeitsger\u00e4te und durch Planung und Herstellung darauf ausgelegt, auch unter schwierigsten Bedingungen hervorragende Leistung zu erbringen. Arbeitsbreite bis 3,20\u00a0m.\" \/>\n<meta property=\"og:url\" content=\"https:\/\/www.perfectvanwamel.com\/de\/produkt\/schlegelmulcher-kt-serie\/\" \/>\n<meta property=\"og:site_name\" content=\"PERFECT - Van Wamel\" \/>\n<meta property=\"article:modified_time\" content=\"2022-11-30T20:46:10+00:00\" \/>\n<meta property=\"og:image\" content=\"https:\/\/staging.perfectvanwamel.com\/wp-content\/uploads\/2020\/04\/01-PERFECT-klepelmaaier-KT.jpg\" \/>\n\t<meta property=\"og:image:width\" content=\"2288\" \/>\n\t<meta property=\"og:image:height\" content=\"1712\" \/>\n\t<meta property=\"og:image:type\" content=\"image\/jpeg\" \/>\n<meta name=\"twitter:card\" content=\"summary_large_image\" \/>\n<meta name=\"twitter:label1\" content=\"Gesch\u00e4tzte Lesezeit\" \/>\n\t<meta name=\"twitter:data1\" content=\"1\u00a0Minute\" \/>\n<script type=\"application\/ld+json\" class=\"yoast-schema-graph\">{\"@context\":\"https:\\\/\\\/schema.org\",\"@graph\":[{\"@type\":\"WebPage\",\"@id\":\"https:\\\/\\\/www.perfectvanwamel.com\\\/de\\\/produkt\\\/schlegelmulcher-kt-serie\\\/\",\"url\":\"https:\\\/\\\/www.perfectvanwamel.com\\\/de\\\/produkt\\\/schlegelmulcher-kt-serie\\\/\",\"name\":\"KT-Serie, Schwerlast-Schlegelmulcher f\u00fcr gro\u00dfer Volumen - PERFECT - Van Wamel\",\"isPartOf\":{\"@id\":\"https:\\\/\\\/www.perfectvanwamel.com\\\/de\\\/#website\"},\"primaryImageOfPage\":{\"@id\":\"https:\\\/\\\/www.perfectvanwamel.com\\\/de\\\/produkt\\\/schlegelmulcher-kt-serie\\\/#primaryimage\"},\"image\":{\"@id\":\"https:\\\/\\\/www.perfectvanwamel.com\\\/de\\\/produkt\\\/schlegelmulcher-kt-serie\\\/#primaryimage\"},\"thumbnailUrl\":\"https:\\\/\\\/www.perfectvanwamel.com\\\/wp-content\\\/uploads\\\/2020\\\/04\\\/KT-front-vrijstaand1.png\",\"datePublished\":\"2020-04-28T06:03:53+00:00\",\"dateModified\":\"2022-11-30T20:46:10+00:00\",\"breadcrumb\":{\"@id\":\"https:\\\/\\\/www.perfectvanwamel.com\\\/de\\\/produkt\\\/schlegelmulcher-kt-serie\\\/#breadcrumb\"},\"inLanguage\":\"de\",\"potentialAction\":[{\"@type\":\"ReadAction\",\"target\":[\"https:\\\/\\\/www.perfectvanwamel.com\\\/de\\\/produkt\\\/schlegelmulcher-kt-serie\\\/\"]}]},{\"@type\":\"ImageObject\",\"inLanguage\":\"de\",\"@id\":\"https:\\\/\\\/www.perfectvanwamel.com\\\/de\\\/produkt\\\/schlegelmulcher-kt-serie\\\/#primaryimage\",\"url\":\"https:\\\/\\\/www.perfectvanwamel.com\\\/wp-content\\\/uploads\\\/2020\\\/04\\\/KT-front-vrijstaand1.png\",\"contentUrl\":\"https:\\\/\\\/www.perfectvanwamel.com\\\/wp-content\\\/uploads\\\/2020\\\/04\\\/KT-front-vrijstaand1.png\",\"width\":2000,\"height\":1333,\"caption\":\"KT vrijstaand\"},{\"@type\":\"BreadcrumbList\",\"@id\":\"https:\\\/\\\/www.perfectvanwamel.com\\\/de\\\/produkt\\\/schlegelmulcher-kt-serie\\\/#breadcrumb\",\"itemListElement\":[{\"@type\":\"ListItem\",\"position\":1,\"name\":\"Home\",\"item\":\"https:\\\/\\\/staging.perfectvanwamel.com\\\/de\\\/\"},{\"@type\":\"ListItem\",\"position\":2,\"name\":\"Produkte\",\"item\":\"https:\\\/\\\/www.perfectvanwamel.com\\\/de\\\/technologie\\\/\"},{\"@type\":\"ListItem\",\"position\":3,\"name\":\"KT-Serie, Schwerlast-Schlegelmulcher f\u00fcr gro\u00dfer Volumen\"}]},{\"@type\":\"WebSite\",\"@id\":\"https:\\\/\\\/www.perfectvanwamel.com\\\/de\\\/#website\",\"url\":\"https:\\\/\\\/www.perfectvanwamel.com\\\/de\\\/\",\"name\":\"PERFECT - Van Wamel\",\"description\":\"\",\"potentialAction\":[{\"@type\":\"SearchAction\",\"target\":{\"@type\":\"EntryPoint\",\"urlTemplate\":\"https:\\\/\\\/www.perfectvanwamel.com\\\/de\\\/?s={search_term_string}\"},\"query-input\":{\"@type\":\"PropertyValueSpecification\",\"valueRequired\":true,\"valueName\":\"search_term_string\"}}],\"inLanguage\":\"de\"}]}<\/script>\n<!-- \/ Yoast SEO plugin. -->","yoast_head_json":{"title":"KT-Serie, Schwerlast-Schlegelmulcher f\u00fcr gro\u00dfer Volumen - PERFECT - Van Wamel","robots":{"index":"index","follow":"follow","max-snippet":"max-snippet:-1","max-image-preview":"max-image-preview:large","max-video-preview":"max-video-preview:-1"},"canonical":"https:\/\/www.perfectvanwamel.com\/de\/produkt\/schlegelmulcher-kt-serie\/","og_locale":"de_DE","og_type":"article","og_title":"KT-Serie, Schwerlast-Schlegelmulcher f\u00fcr gro\u00dfer Volumen - PERFECT - Van Wamel","og_description":"KT-Schlegelmulcher sind \u00e4u\u00dferst robuste Arbeitsger\u00e4te und durch Planung und Herstellung darauf ausgelegt, auch unter schwierigsten Bedingungen hervorragende Leistung zu erbringen. Arbeitsbreite bis 3,20\u00a0m.","og_url":"https:\/\/www.perfectvanwamel.com\/de\/produkt\/schlegelmulcher-kt-serie\/","og_site_name":"PERFECT - Van Wamel","article_modified_time":"2022-11-30T20:46:10+00:00","og_image":[{"width":2288,"height":1712,"url":"https:\/\/staging.perfectvanwamel.com\/wp-content\/uploads\/2020\/04\/01-PERFECT-klepelmaaier-KT.jpg","type":"image\/jpeg"}],"twitter_card":"summary_large_image","twitter_misc":{"Gesch\u00e4tzte Lesezeit":"1\u00a0Minute"},"schema":{"@context":"https:\/\/schema.org","@graph":[{"@type":"WebPage","@id":"https:\/\/www.perfectvanwamel.com\/de\/produkt\/schlegelmulcher-kt-serie\/","url":"https:\/\/www.perfectvanwamel.com\/de\/produkt\/schlegelmulcher-kt-serie\/","name":"KT-Serie, Schwerlast-Schlegelmulcher f\u00fcr gro\u00dfer Volumen - PERFECT - Van Wamel","isPartOf":{"@id":"https:\/\/www.perfectvanwamel.com\/de\/#website"},"primaryImageOfPage":{"@id":"https:\/\/www.perfectvanwamel.com\/de\/produkt\/schlegelmulcher-kt-serie\/#primaryimage"},"image":{"@id":"https:\/\/www.perfectvanwamel.com\/de\/produkt\/schlegelmulcher-kt-serie\/#primaryimage"},"thumbnailUrl":"https:\/\/www.perfectvanwamel.com\/wp-content\/uploads\/2020\/04\/KT-front-vrijstaand1.png","datePublished":"2020-04-28T06:03:53+00:00","dateModified":"2022-11-30T20:46:10+00:00","breadcrumb":{"@id":"https:\/\/www.perfectvanwamel.com\/de\/produkt\/schlegelmulcher-kt-serie\/#breadcrumb"},"inLanguage":"de","potentialAction":[{"@type":"ReadAction","target":["https:\/\/www.perfectvanwamel.com\/de\/produkt\/schlegelmulcher-kt-serie\/"]}]},{"@type":"ImageObject","inLanguage":"de","@id":"https:\/\/www.perfectvanwamel.com\/de\/produkt\/schlegelmulcher-kt-serie\/#primaryimage","url":"https:\/\/www.perfectvanwamel.com\/wp-content\/uploads\/2020\/04\/KT-front-vrijstaand1.png","contentUrl":"https:\/\/www.perfectvanwamel.com\/wp-content\/uploads\/2020\/04\/KT-front-vrijstaand1.png","width":2000,"height":1333,"caption":"KT vrijstaand"},{"@type":"BreadcrumbList","@id":"https:\/\/www.perfectvanwamel.com\/de\/produkt\/schlegelmulcher-kt-serie\/#breadcrumb","itemListElement":[{"@type":"ListItem","position":1,"name":"Home","item":"https:\/\/staging.perfectvanwamel.com\/de\/"},{"@type":"ListItem","position":2,"name":"Produkte","item":"https:\/\/www.perfectvanwamel.com\/de\/technologie\/"},{"@type":"ListItem","position":3,"name":"KT-Serie, Schwerlast-Schlegelmulcher f\u00fcr gro\u00dfer Volumen"}]},{"@type":"WebSite","@id":"https:\/\/www.perfectvanwamel.com\/de\/#website","url":"https:\/\/www.perfectvanwamel.com\/de\/","name":"PERFECT - Van Wamel","description":"","potentialAction":[{"@type":"SearchAction","target":{"@type":"EntryPoint","urlTemplate":"https:\/\/www.perfectvanwamel.com\/de\/?s={search_term_string}"},"query-input":{"@type":"PropertyValueSpecification","valueRequired":true,"valueName":"search_term_string"}}],"inLanguage":"de"}]}},"_links":{"self":[{"href":"https:\/\/www.perfectvanwamel.com\/de\/wp-json\/wp\/v2\/product\/5576","targetHints":{"allow":["GET"]}}],"collection":[{"href":"https:\/\/www.perfectvanwamel.com\/de\/wp-json\/wp\/v2\/product"}],"about":[{"href":"https:\/\/www.perfectvanwamel.com\/de\/wp-json\/wp\/v2\/types\/product"}],"wp:featuredmedia":[{"embeddable":true,"href":"https:\/\/www.perfectvanwamel.com\/de\/wp-json\/wp\/v2\/media\/13269"}],"wp:attachment":[{"href":"https:\/\/www.perfectvanwamel.com\/de\/wp-json\/wp\/v2\/media?parent=5576"}],"wp:term":[{"taxonomy":"product_brand","embeddable":true,"href":"https:\/\/www.perfectvanwamel.com\/de\/wp-json\/wp\/v2\/product_brand?post=5576"},{"taxonomy":"product_cat","embeddable":true,"href":"https:\/\/www.perfectvanwamel.com\/de\/wp-json\/wp\/v2\/product_cat?post=5576"},{"taxonomy":"product_tag","embeddable":true,"href":"https:\/\/www.perfectvanwamel.com\/de\/wp-json\/wp\/v2\/product_tag?post=5576"}],"curies":[{"name":"wp","href":"https:\/\/api.w.org\/{rel}","templated":true}]}}